{"id":13,"date":"2019-04-04T18:31:40","date_gmt":"2019-04-04T18:31:40","guid":{"rendered":"http:\/\/holofon.aurum-protector.hu\/?page_id=13"},"modified":"2025-04-02T10:00:36","modified_gmt":"2025-04-02T10:00:36","slug":"palyazatok","status":"publish","type":"page","link":"https:\/\/www.holofon.hu\/en\/palyazatok\/","title":{"rendered":"Tenders"},"content":{"rendered":"<p><\/p>\n<p><div class=\"fusion-fullwidth fullwidth-box fusion-parallax-none nonhundred-percent-fullwidth non-hundred-percent-height-scrolling\"  style='background-color: rgba(255,255,255,0);background-image: url(\"https:\/\/www.holofon.hu\/wp-content\/uploads\/2019\/04\/tenders.jpg\");background-position: center center;background-repeat: no-repeat;padding-top:7%;padding-right:0px;padding-bottom:7%;padding-left:0px;-webkit-background-size:cover;-moz-background-size:cover;-o-background-size:cover;background-size:cover;'><div class=\"fusion-builder-row fusion-row \"><div  class=\"fusion-layout-column fusion_builder_column fusion_builder_column_1_1  fusion-one-full fusion-column-first fusion-column-last 1_1\"  style='margin-top:0px;margin-bottom:0px;'>\n\t\t\t\t\t<div class=\"fusion-column-wrapper\" style=\"padding: 0px 0px 0px 0px;background-position:left top;background-repeat:no-repeat;-webkit-background-size:cover;-moz-background-size:cover;-o-background-size:cover;background-size:cover;\"  data-bg-url=\"\">\n\t\t\t\t\t\t<div class=\"fusion-text\"><p><span style=\"color: #070707; background-color: #ffffff; font-size: 36pt;\">\u00a0Tenders\u00a0<\/span><\/p>\n<\/div><div class=\"fusion-clearfix\"><\/div>\n\n\t\t\t\t\t<\/div>\n\t\t\t\t<\/div><\/div><\/div><div class=\"fusion-fullwidth fullwidth-box nonhundred-percent-fullwidth non-hundred-percent-height-scrolling\"  style='background-color: rgba(255,255,255,0);background-position: center center;background-repeat: no-repeat;padding-top:0px;padding-right:0px;padding-bottom:0px;padding-left:0px;'><div class=\"fusion-builder-row fusion-row \"><div  class=\"fusion-layout-column fusion_builder_column fusion_builder_column_1_1  fusion-one-full fusion-column-first fusion-column-last 1_1\"  style='margin-top:0px;margin-bottom:20px;'>\n\t\t\t\t\t<div class=\"fusion-column-wrapper\" style=\"padding: 0px 0px 0px 0px;background-position:left top;background-repeat:no-repeat;-webkit-background-size:cover;-moz-background-size:cover;-o-background-size:cover;background-size:cover;\"  data-bg-url=\"\">\n\t\t\t\t\t\t<div class=\"fusion-text\"><p style=\"text-align: justify;\">\u00a0<\/p>\n<p style=\"text-align: justify;\">\u00a0<\/p>\n<p style=\"text-align: justify;\"><strong>SZ\u00c9LES GAZDAS\u00c1GI FELHASZN\u00c1L\u00c1S\u00da EXTRUD\u00c1LT TERM\u00c9K PROTOT\u00cdPUS KIALAK\u00cdT\u00c1SA HULLAD\u00c9K \u00daJRAHASZNOS\u00cdT\u00c1SSAL K\u00c9SZ\u00dcLT RECEPT\u00daR\u00c1K MEGALKOT\u00c1S\u00c1VAL \u00c9S K\u00cdS\u00c9RLETI GY\u00c1RT\u00d3SOR ALKALMAZ\u00c1S\u00c1VAL<\/strong><\/p>\n<p style=\"text-align: justify;\"><strong>Projekt azonos\u00edt\u00f3 sz\u00e1ma: KFI_16-1-2017-0255<\/strong><\/p>\n<p style=\"text-align: justify;\"><img loading=\"lazy\" decoding=\"async\" class=\"size-full wp-image-108 alignnone\" src=\"https:\/\/www.holofon.hu\/wp-content\/uploads\/2019\/04\/NKFI.png\" alt=\"\" width=\"600\" height=\"207\" srcset=\"https:\/\/www.holofon.hu\/wp-content\/uploads\/2019\/04\/NKFI-20x7.png 20w, https:\/\/www.holofon.hu\/wp-content\/uploads\/2019\/04\/NKFI-200x69.png 200w, https:\/\/www.holofon.hu\/wp-content\/uploads\/2019\/04\/NKFI-300x104.png 300w, https:\/\/www.holofon.hu\/wp-content\/uploads\/2019\/04\/NKFI-400x138.png 400w, https:\/\/www.holofon.hu\/wp-content\/uploads\/2019\/04\/NKFI.png 600w\" sizes=\"auto, (max-width: 600px) 100vw, 600px\" \/><\/p>\n<p style=\"text-align: justify;\">\u00a0<\/p>\n<p style=\"text-align: justify;\">HOLOFON M\u0171anyag \u00dajrahasznos\u00edt\u00f3, Alapanyaggy\u00e1rt\u00f3 \u00e9s Forgalmaz\u00f3 Zrt.<br \/>\nSzerz\u0151d\u00f6tt t\u00e1mogat\u00e1s \u00f6sszege: 127.950.000 Ft<br \/>\nT\u00e1mogat\u00e1s m\u00e9rt\u00e9ke: 52%<br \/>\nProjekt befejez\u00e9si d\u00e1tuma: 2019.08.31.<br \/>\nV\u00e1llalatunk a Holofon Zrt, mint a m\u0171anyag \u00fajrahasznos\u00edt\u00e1sban hazai egyik piacvezet\u0151 v\u00e1llalkoz\u00e1s jelent\u0151s tapasztalattal rendelkezik az \u00fajrahasznos\u00edt\u00e1s ter\u00fclet\u00e9n, ez\u00e9rt elk\u00e9pzel\u00e9s\u00fcnk szerint a \u201e<strong>Sz\u00e9les gazdas\u00e1gi felhaszn\u00e1l\u00e1s\u00fa extrud\u00e1lt term\u00e9k protot\u00edpus kialak\u00edt\u00e1sa hullad\u00e9k \u00fajrahasznos\u00edt\u00e1ssal k\u00e9sz\u00fclt recept\u00far\u00e1k megalkot\u00e1s\u00e1val \u00e9s k\u00eds\u00e9rleti gy\u00e1rt\u00f3sor alkalmaz\u00e1s\u00e1val<\/strong>\u201d c. projektben l\u00e9trej\u00f6v\u0151 term\u00e9k protot\u00edpus\u00e1nak el\u0151\u00e1ll\u00edt\u00e1s\u00e1hoz \u00fajrahasznos\u00edtott hullad\u00e9kot tervez\u00fcnk felhaszn\u00e1lni. Az innovat\u00edv hullad\u00e9k felhaszn\u00e1l\u00e1si elk\u00e9pzel\u00e9s\u00fcnkkel a hazai feldolgoz\u00f3iparban teljesen \u00faj feldolgoz\u00e1si ter\u00fclet el\u0151tt nyitn\u00e1nk meg a kaput.<\/p>\n<p style=\"text-align: justify;\">A projekt sor\u00e1n, a kereskedelmi forgalomban kaphat\u00f3 WPC \/fa, m\u0171anyag kompozit\/ term\u00e9kek alapanyag\u00e1nak, t\u00f6lt\u0151anyag\u00e1nak \u00e9s feldolgoz\u00e1si technol\u00f3gi\u00e1j\u00e1nak \u00fajragondol\u00e1sa t\u00f6rt\u00e9nik annak \u00e9rdek\u00e9ben, hogy a term\u00e9k olcs\u00f3bb &#8211; ez\u00e1ltal sz\u00e9lesebb k\u00f6rben felhaszn\u00e1lhat\u00f3 a hagyom\u00e1nyos anyagb\u00f3l k\u00e9sz\u00fclt term\u00e9kek kiv\u00e1lt\u00e1s\u00e1ra alkalmas legyen.<\/p>\n<p style=\"text-align: justify;\">A projekt els\u0151dleges c\u00e9lj\u00e1nak el\u00e9r\u00e9s\u00e9hez, a m\u0171anyagipar anyagfelhaszn\u00e1l\u00e1st \u2013 alapanyag, t\u00f6lt\u0151anyag, energia, k\u00e1ros anyag kibocs\u00e1t\u00e1s- \u00f6kol\u00f3giai szempontb\u00f3l is jelent\u0151sen jav\u00edtjuk. Emellett, a term\u00e9k protot\u00edpus kialak\u00edt\u00e1s\u00e1val, sz\u00e1mottev\u0151en cs\u00f6kken a fosszilis anyagfelhaszn\u00e1l\u00e1s a gazdas\u00e1g m\u00e1s ter\u00fcletein is.<\/p>\n<p style=\"text-align: justify;\">A kialakul\u00f3 ipari kutat\u00e1si \u00e9s k\u00eds\u00e9rleti fejleszt\u00e9si eredm\u00e9nyek \u00e1ltal\u00e1nos t\u00e1rsadalmi hasznos\u00edthat\u00f3s\u00e1ga is fontos szempont. Mindez el\u0151seg\u00edti a k\u00f6rnyezettudatos ipari gondolkod\u00e1sm\u00f3d elterjed\u00e9s\u00e9t, mind Magyarorsz\u00e1gon, mind a nemzetk\u00f6zi szinten is. A gy\u00e1rt\u00e1si elj\u00e1r\u00e1sban l\u00e9trehozott innov\u00e1ci\u00f3val az el\u0151\u00e1ll\u00edt\u00e1si folyamat ideje jelent\u0151sen lecs\u00f6kken, ezzel egyszer\u0171s\u00f6dik, cs\u00f6kken a karbantart\u00e1si kies\u00e9s, \u00e9s jelent\u0151s energia megtakar\u00edt\u00e1st is eredm\u00e9nyez.<\/p>\n<p style=\"text-align: justify;\">A projekt \u00f6sszege nett\u00f3 245.900.000 Ft forint, ebb\u0151l vissza nem t\u00e9r\u00edtend\u0151 t\u00e1mogat\u00e1s nett\u00f3 127.950.000 Ft forint. A V\u00e1llalatok K+F+I tev\u00e9kenys\u00e9g\u00e9nek t\u00e1mogat\u00e1sa c. p\u00e1ly\u00e1zatot a Nemzeti Kutat\u00e1si, Fejleszt\u00e9si \u00e9s Innov\u00e1ci\u00f3s Hivatal \u00edrta ki, a vissza nem t\u00e9r\u00edtend\u0151 t\u00e1mogat\u00e1st a Magyar \u00c1llam ny\u00fajtja. Ez a p\u00e9nz\u00fcgyi keret jelent\u0151sen hozz\u00e1j\u00e1rulhat, hogy a jelen kutat\u00e1si eredm\u00e9nyek alapj\u00e1n l\u00e9trej\u00f6v\u0151 technol\u00f3gia, mint know-how, ill. a protot\u00edpus is k\u00fcl\u00f6n-k\u00fcl\u00f6n innov\u00e1ci\u00f3s \u00e9rt\u00e9ket k\u00e9pviseljen.<\/p>\n<p style=\"text-align: justify;\"><strong>HUBFORM TERM\u00c9KEK K\u00dcLPIACI MEGJELEN\u00c9S\u00c9NEK T\u00c1MOGAT\u00c1SA<\/strong><br \/>\n<strong>Projekt azonos\u00edt\u00f3 sz\u00e1ma: GINOP-1.3.1-15-2015-00316<\/strong><\/p>\n<p style=\"text-align: justify;\"><img loading=\"lazy\" decoding=\"async\" class=\"size-full wp-image-110 alignnone\" src=\"https:\/\/www.holofon.hu\/wp-content\/uploads\/2019\/04\/szechenyi-2020.png\" alt=\"\" width=\"349\" height=\"241\" srcset=\"https:\/\/www.holofon.hu\/wp-content\/uploads\/2019\/04\/szechenyi-2020-20x14.png 20w, https:\/\/www.holofon.hu\/wp-content\/uploads\/2019\/04\/szechenyi-2020-200x138.png 200w, https:\/\/www.holofon.hu\/wp-content\/uploads\/2019\/04\/szechenyi-2020-300x207.png 300w, https:\/\/www.holofon.hu\/wp-content\/uploads\/2019\/04\/szechenyi-2020.png 349w\" sizes=\"auto, (max-width: 349px) 100vw, 349px\" \/><\/p>\n<ul class=\"description\" style=\"text-align: justify;\">\n<li>HOLOFON M\u0171anyag \u00dajrahasznos\u00edt\u00f3, Alapanyaggy\u00e1rt\u00f3 \u00e9s Forgalmaz\u00f3 Zrt.<\/li>\n<li>Szerz\u0151d\u00f6tt t\u00e1mogat\u00e1s \u00f6sszege: 19 950 400 Ft<\/li>\n<li>T\u00e1mogat\u00e1s m\u00e9rt\u00e9ke: 50%<\/li>\n<li>Projekt befejez\u00e9si d\u00e1tuma: 2018.01.09.<\/li>\n<\/ul>\n<p class=\"heading heading-6\" style=\"text-align: justify;\"><strong>PROJEKT TARTALM\u00c1NAK BEMUTAT\u00c1SA:<\/strong><\/p>\n<p class=\"description\" style=\"text-align: justify;\">A projekt ind\u00edt\u00e1s\u00e1t k\u00f6vet\u0151en elk\u00e9sz\u00fcl a v\u00e1s\u00e1rhoz, \u00e1rubemutat\u00f3hoz kapcsol\u00f3d\u00f3 tan\u00e1csad\u00e1s, piackutat\u00e1s \u00e9s kamp\u00e1nyterv, elindul a Google AdWords kamp\u00e1ny t\u00f6bb nyelven. Kialak\u00edt\u00e1sra ker\u00fcl a www.hubform-products.com honlap n\u00e9met, \u00e9s angol nyelven., a k\u00f6zelj\u00f6v\u0151ben tervezik m\u00e9g a horv\u00e1t vagy cseh nyelvet is.<\/p>\n<p class=\"description\" style=\"text-align: justify;\">Elv\u00e9gz\u00e9sre ker\u00fcl tov\u00e1bb\u00e1 az innov\u00e1ci\u00f3s tan\u00e1csad\u00e1s, \u00fajdons\u00e1gkutat\u00e1s \u00e9s technol\u00f3giai benchmarking, illetve elk\u00e9sz\u00fclnek a honlaphoz, marketineszk\u00f6z\u00f6kh\u00f6z \u00e9s term\u00e9k log\u00f3hoz kapcsol\u00f3d\u00f3 grafikai tervek.<\/p>\n<p class=\"description\" style=\"text-align: justify;\">A projekt keret\u00e9ben 2017. \u00e1prilis 4-7. k\u00f6z\u00f6tt c\u00e9g\u00fcnk r\u00e9szt vesz az EMAT horv\u00e1torsz\u00e1gi nemzetk\u00f6zi v\u00e1s\u00e1ron, tov\u00e1bb\u00e1 a 2017. okt\u00f3ber 9-13. k\u00f6z\u00f6tt megrendez\u00e9sre ker\u00fcl\u0151 Envitech csehorsz\u00e1gi nemzetk\u00f6zi v\u00e1s\u00e1ron k\u00edv\u00e1n megjelenni, ahol bemutat\u00e1sra ker\u00fclnek a Hubform term\u00e9kek \u00e9s felhaszn\u00e1l\u00e1si lehet\u0151s\u00e9gei<\/p>\n<p class=\"description\" style=\"text-align: justify;\">2017. augusztus 14-15. k\u00f6z\u00f6tt \u00e1rubemutat\u00f3t szervez\u00fcnk az n\u00e9metorsz\u00e1gi Erdingben, ahol sajt\u00f3t\u00e1j\u00e9koztat\u00f3t is tartunk.s \u00e9s k\u00e9szs\u00e9gek megszerz\u00e9s\u00e9t, amely \u00e1ltal a c\u00e9gen bel\u00fcl, ill. a munkaer\u0151piacon is sikeresebb\u00e9 v\u00e1lnak.<\/p>\n<p style=\"text-align: justify;\">\u00a0<\/p>\n<p style=\"text-align: justify;\">\u00a0<\/p>\n<h4 class=\"heading heading-4\" style=\"text-align: justify;\">A HOLOFON ZRT. TINNYEI TELEPHELY\u00c9NEK FEJLESZT\u00c9SE<\/h4>\n<p class=\"tenders-side\" style=\"text-align: justify;\"><strong>Projekt azonos\u00edt\u00f3 sz\u00e1ma: PM_KKV_2016\/187<\/strong><\/p>\n<p style=\"text-align: justify;\"><img loading=\"lazy\" decoding=\"async\" class=\"size-full wp-image-110 alignnone\" src=\"https:\/\/www.holofon.hu\/wp-content\/uploads\/2019\/04\/szechenyi-2020.png\" alt=\"\" width=\"349\" height=\"241\" srcset=\"https:\/\/www.holofon.hu\/wp-content\/uploads\/2019\/04\/szechenyi-2020-20x14.png 20w, https:\/\/www.holofon.hu\/wp-content\/uploads\/2019\/04\/szechenyi-2020-200x138.png 200w, https:\/\/www.holofon.hu\/wp-content\/uploads\/2019\/04\/szechenyi-2020-300x207.png 300w, https:\/\/www.holofon.hu\/wp-content\/uploads\/2019\/04\/szechenyi-2020.png 349w\" sizes=\"auto, (max-width: 349px) 100vw, 349px\" \/><\/p>\n<p style=\"text-align: justify;\"><img loading=\"lazy\" decoding=\"async\" class=\"alignnone  wp-image-202\" src=\"https:\/\/www.holofon.hu\/wp-content\/uploads\/2019\/07\/Magyarorszag_kormanya_logo-Copy-300x280.png\" alt=\"\" width=\"149\" height=\"140\" srcset=\"https:\/\/www.holofon.hu\/wp-content\/uploads\/2019\/07\/Magyarorszag_kormanya_logo-Copy-20x20.png 20w, https:\/\/www.holofon.hu\/wp-content\/uploads\/2019\/07\/Magyarorszag_kormanya_logo-Copy-200x186.png 200w, https:\/\/www.holofon.hu\/wp-content\/uploads\/2019\/07\/Magyarorszag_kormanya_logo-Copy-300x280.png 300w, https:\/\/www.holofon.hu\/wp-content\/uploads\/2019\/07\/Magyarorszag_kormanya_logo-Copy-400x373.png 400w, https:\/\/www.holofon.hu\/wp-content\/uploads\/2019\/07\/Magyarorszag_kormanya_logo-Copy.png 472w\" sizes=\"auto, (max-width: 149px) 100vw, 149px\" \/> <img loading=\"lazy\" decoding=\"async\" class=\"alignnone  wp-image-207\" src=\"https:\/\/www.holofon.hu\/wp-content\/uploads\/2019\/07\/Nemzetgazdasagi_Miniszterium-300x229.png\" alt=\"\" width=\"184\" height=\"140\" srcset=\"https:\/\/www.holofon.hu\/wp-content\/uploads\/2019\/07\/Nemzetgazdasagi_Miniszterium-20x15.png 20w, https:\/\/www.holofon.hu\/wp-content\/uploads\/2019\/07\/Nemzetgazdasagi_Miniszterium-200x152.png 200w, https:\/\/www.holofon.hu\/wp-content\/uploads\/2019\/07\/Nemzetgazdasagi_Miniszterium-300x229.png 300w, https:\/\/www.holofon.hu\/wp-content\/uploads\/2019\/07\/Nemzetgazdasagi_Miniszterium-400x305.png 400w, https:\/\/www.holofon.hu\/wp-content\/uploads\/2019\/07\/Nemzetgazdasagi_Miniszterium-600x457.png 600w, https:\/\/www.holofon.hu\/wp-content\/uploads\/2019\/07\/Nemzetgazdasagi_Miniszterium-768x585.png 768w, https:\/\/www.holofon.hu\/wp-content\/uploads\/2019\/07\/Nemzetgazdasagi_Miniszterium-800x610.png 800w, https:\/\/www.holofon.hu\/wp-content\/uploads\/2019\/07\/Nemzetgazdasagi_Miniszterium-1024x781.png 1024w, https:\/\/www.holofon.hu\/wp-content\/uploads\/2019\/07\/Nemzetgazdasagi_Miniszterium-1200x915.png 1200w, https:\/\/www.holofon.hu\/wp-content\/uploads\/2019\/07\/Nemzetgazdasagi_Miniszterium.png 1220w\" sizes=\"auto, (max-width: 184px) 100vw, 184px\" \/><img loading=\"lazy\" decoding=\"async\" class=\"alignnone  wp-image-204\" src=\"https:\/\/www.holofon.hu\/wp-content\/uploads\/2019\/07\/Pest_Megye_logo-Copy-300x258.png\" alt=\"\" width=\"162\" height=\"140\" srcset=\"https:\/\/www.holofon.hu\/wp-content\/uploads\/2019\/07\/Pest_Megye_logo-Copy-20x17.png 20w, https:\/\/www.holofon.hu\/wp-content\/uploads\/2019\/07\/Pest_Megye_logo-Copy-200x172.png 200w, https:\/\/www.holofon.hu\/wp-content\/uploads\/2019\/07\/Pest_Megye_logo-Copy-300x258.png 300w, https:\/\/www.holofon.hu\/wp-content\/uploads\/2019\/07\/Pest_Megye_logo-Copy-400x344.png 400w, https:\/\/www.holofon.hu\/wp-content\/uploads\/2019\/07\/Pest_Megye_logo-Copy-600x516.png 600w, https:\/\/www.holofon.hu\/wp-content\/uploads\/2019\/07\/Pest_Megye_logo-Copy-768x661.png 768w, https:\/\/www.holofon.hu\/wp-content\/uploads\/2019\/07\/Pest_Megye_logo-Copy-800x688.png 800w, https:\/\/www.holofon.hu\/wp-content\/uploads\/2019\/07\/Pest_Megye_logo-Copy-1024x881.png 1024w, https:\/\/www.holofon.hu\/wp-content\/uploads\/2019\/07\/Pest_Megye_logo-Copy.png 1190w\" sizes=\"auto, (max-width: 162px) 100vw, 162px\" \/><\/p>\n<ul style=\"text-align: justify;\">\n<li>Megval\u00f3s\u00edt\u00e1s helye: 2086 Tinnye, Perb\u00e1li \u00fat 2.<\/li>\n<li>Projekt \u00f6sszk\u00f6lts\u00e9gvet\u00e9se: 59 660 000 Ft<\/li>\n<li>Szerz\u0151d\u00f6tt t\u00e1mogat\u00e1s \u00f6sszege: 32 813 000 Ft<\/li>\n<li>T\u00e1mogat\u00e1s m\u00e9rt\u00e9ke: 55%<\/li>\n<li>Megval\u00f3s\u00edt\u00e1si id\u0151szak: 2017.07.03 \u2013 2018.06.30.<\/li>\n<li>Projekt befejez\u00e9si d\u00e1tuma: 2018.07.02.<\/li>\n<\/ul>\n<p class=\"heading heading-6\" style=\"text-align: justify;\"><strong>PROJEKT TARTALM\u00c1NAK BEMUTAT\u00c1SA:<\/strong><\/p>\n<p style=\"text-align: justify;\">A projekt c\u00e9lja a HOLOFON Zrt, tinnyei telephely\u00e9nek fejleszt\u00e9se volt, mely egyr\u00e9szt kiterjedt a telephely t\u00e9rburkolat\u00e1nak fel\u00faj\u00edt\u00e1s\u00e1ra, mivel az el\u0151\u00edrt technol\u00f3gia megk\u00f6veteli a bels\u0151 sz\u00e1ll\u00edt\u00e1si utak j\u00f3, egyenes, s\u00edk min\u0151s\u00e9g\u00e9t. A fejleszt\u00e9s sor\u00e1n a megl\u00e9v\u0151 beton \u00fatalap felhaszn\u00e1l\u00e1s\u00e1val \u00faj egys\u00e9ges aszfaltburkolat \u00e9p\u00edt\u00e9s\u00e9re ker\u00fclt sor, mely megfelel az el\u0151\u00edr\u00e1soknak, tov\u00e1bb\u00e1 nagym\u00e9rt\u00e9kben hozz\u00e1j\u00e1rul a telephely gazdas\u00e1gos \u00e9s biztons\u00e1gos kiszolg\u00e1l\u00e1s\u00e1hoz.<\/p>\n<p style=\"text-align: justify;\">A fejleszt\u00e9s k\u00f6vetkez\u0151 szakasz\u00e1ban az I. sz. csarnok fed\u00e9lszerkezet\u00e9nek fel\u00faj\u00edt\u00e1sa t\u00f6rt\u00e9nt meg, mely sem eg\u00e9szs\u00e9g\u00fcgyi, sem munkav\u00e9delmi szempontb\u00f3l nem volt megfelel\u0151, ez\u00e9rt a csarnok tet\u0151szerkezet\u00e9nek teljes elbont\u00e1s\u00e1t k\u00f6vet\u0151en \u00faj h\u0151szigetelt f\u00e9m tet\u0151panel be\u00e9p\u00edt\u00e9s\u00e9t eszk\u00f6z\u00f6lt\u00fck, mellyel t\u00f6bb \u00faj funkci\u00f3val tudtuk b\u0151v\u00edteni a csarnok kihaszn\u00e1lts\u00e1g\u00e1t.<\/p>\n<p style=\"text-align: justify;\">A II. sz. csarnok homlokzati fel\u00faj\u00edt\u00e1sa szint\u00e9n a fejleszt\u00e9s r\u00e9sz\u00e9t k\u00e9pezte. Az \u00e9p\u00fclet z\u00e1rhat\u00f3s\u00e1g\u00e1val, korszer\u0171 technol\u00f3gi\u00e1k, g\u00e9pek telep\u00edthet\u0151k, a dolgoz\u00f3k munkak\u00f6r\u00fclm\u00e9nyei nagym\u00e9rt\u00e9kben javulnak, mely hossz\u00fa t\u00e1von a termel\u00e9kenys\u00e9g n\u00f6vel\u00e9s\u00e9t eredm\u00e9nyezi. A megl\u00e9v\u0151 s\u00e9r\u00fclt \u00e1llapot\u00fa trap\u00e9z lemez burkolat elbont\u00e1s\u00e1t k\u00f6vet\u0151en \u00faj monolit vasbeton l\u00e1bazati fal k\u00e9sz\u00fclt \u00e9s az elbontott homlokzat hely\u00e9n \u00faj homlokzati fal \u00e9p\u00fclt ac\u00e9lfegyverzet\u0171 h\u0151szigetelt falpanel rendszerb\u0151l a sz\u00fcks\u00e9ges kieg\u00e9sz\u00edt\u0151kkel a megl\u00e9v\u0151 kapuk ny\u00edl\u00e1sm\u00e9reteinek kialak\u00edt\u00e1s\u00e1val, szeg\u00e9sekkel.<\/p>\n<p style=\"text-align: justify;\">A projekt utols\u00f3 szakasz\u00e1ban a h\u00eddm\u00e9rleg al\u00e9p\u00edtm\u00e9nye szerkezeti monolit vasbetonb\u00f3l elk\u00e9sz\u00fclt az \u00fczemeltet\u00e9shez sz\u00fcks\u00e9ges elektromos kiszolg\u00e1l\u00f3 rendszerrel egy\u00fctt, mely ut\u00e1n megt\u00f6rt\u00e9nhetett a h\u00eddm\u00e9rleg telep\u00edt\u00e9se.<\/p>\n<p style=\"text-align: justify;\">Gal\u00e9ri\u00e1k:<br \/>\n<a href=\"https:\/\/www.holofon.hu\/bwg_gallery\/pm_kkv_2016-187-felujitas-elott\/\">Fel\u00faj\u00edt\u00e1s el\u0151tt<\/a><br \/>\n<a href=\"https:\/\/www.holofon.hu\/bwg_gallery\/pm_kkv_2016-187-aszfaltburkolat\/\">Aszfaltburkolat<\/a><br \/>\n<a href=\"https:\/\/www.holofon.hu\/bwg_gallery\/pm_kkv_2016-187-epulet-oldalfal\/\">\u00c9p\u00fclet oldalfal<\/a><br \/>\n<a href=\"https:\/\/www.holofon.hu\/bwg_gallery\/pm_kkv_2016-187-tetoszerkezet\/\">Tet\u0151szerkezet<\/a><br \/>\n<a href=\"https:\/\/www.holofon.hu\/bwg_gallery\/pm_kkv_2016-187-hidmerleg\/\">H\u00eddm\u00e9rleg<\/a><br \/>\n<a href=\"https:\/\/www.holofon.hu\/bwg_gallery\/pm_kkv_2016-187-zarorendezveny\/\">Z\u00e1r\u00f3rendezv\u00e9ny<\/a><\/p>\n<p style=\"text-align: justify;\">\u00a0<\/p>\n<h4 class=\"heading heading-4\" style=\"text-align: justify;\">HUREPRO TERM\u00c9KEK K\u00dcLPIACI MEGJELEN\u00c9S\u00c9NEK T\u00c1MOGAT\u00c1SA<\/h4>\n<p class=\"tenders-side\" style=\"text-align: justify;\"><strong>Projekt azonos\u00edt\u00f3 sz\u00e1ma: VEKOP-1.3.1-16-2017-00118<\/strong><\/p>\n<p style=\"text-align: justify;\"><img loading=\"lazy\" decoding=\"async\" class=\"size-full wp-image-110 alignnone\" src=\"https:\/\/www.holofon.hu\/wp-content\/uploads\/2019\/04\/szechenyi-2020.png\" alt=\"\" width=\"349\" height=\"241\" srcset=\"https:\/\/www.holofon.hu\/wp-content\/uploads\/2019\/04\/szechenyi-2020-20x14.png 20w, https:\/\/www.holofon.hu\/wp-content\/uploads\/2019\/04\/szechenyi-2020-200x138.png 200w, https:\/\/www.holofon.hu\/wp-content\/uploads\/2019\/04\/szechenyi-2020-300x207.png 300w, https:\/\/www.holofon.hu\/wp-content\/uploads\/2019\/04\/szechenyi-2020.png 349w\" sizes=\"auto, (max-width: 349px) 100vw, 349px\" \/><\/p>\n<ul class=\"description\" style=\"text-align: justify;\">\n<li>HOLOFON M\u0171anyag \u00dajrahasznos\u00edt\u00f3, Alapanyaggy\u00e1rt\u00f3 \u00e9s Forgalmaz\u00f3 Zrt.<\/li>\n<li>Szerz\u0151d\u00f6tt t\u00e1mogat\u00e1s \u00f6sszege: 9 992 680 Ft<\/li>\n<li>T\u00e1mogat\u00e1s m\u00e9rt\u00e9ke: 50%<\/li>\n<li>Projekt befejez\u00e9si d\u00e1tuma: 2018.08.31.<\/li>\n<\/ul>\n<p class=\"heading heading-6\" style=\"text-align: justify;\">PROJEKT TARTALM\u00c1NAK BEMUTAT\u00c1SA:<\/p>\n<p class=\"description\" style=\"text-align: justify;\">A projekt ind\u00edt\u00e1s\u00e1t k\u00f6vet\u0151en elk\u00e9sz\u00fcl a v\u00e1s\u00e1rhoz, \u00e1rubemutat\u00f3hoz kapcsol\u00f3d\u00f3 tan\u00e1csad\u00e1s, piackutat\u00e1s \u00e9s kamp\u00e1nyterv, elindul a Google AdWords kamp\u00e1ny t\u00f6bb nyelven. Kialak\u00edt\u00e1sra ker\u00fcl a www.hurepro.com honlap szerb, szlov\u00e1k \u00e9s angol nyelven. Elv\u00e9gz\u00e9sre ker\u00fcl tov\u00e1bb\u00e1 az innov\u00e1ci\u00f3s tan\u00e1csad\u00e1s, \u00fajdons\u00e1gkutat\u00e1s \u00e9s technol\u00f3giai benchmarking, illetve elk\u00e9sz\u00fclnek a honlaphoz, marketineszk\u00f6z\u00f6kh\u00f6z \u00e9s term\u00e9k log\u00f3hoz kapcsol\u00f3d\u00f3 grafikai tervek.<\/p>\n<p style=\"text-align: justify;\">A projekt keret\u00e9ben 2018.01.31-02.03. k\u00f6z\u00f6tt c\u00e9g\u00fcnk r\u00e9szt vesz a Samuplast olaszorsz\u00e1gi nemzetk\u00f6zi v\u00e1s\u00e1ron, ahol bemutat\u00e1sra ker\u00fclnek a HUREPRO term\u00e9kek \u00e9s felhaszn\u00e1l\u00e1si lehet\u0151s\u00e9gei.<\/p>\n<p style=\"text-align: justify;\">2017.11.16-17. k\u00f6z\u00f6tt \u00e1rubemutat\u00f3t szervez\u00fcnk a szerbiai Belgr\u00e1dban, ahol sajt\u00f3t\u00e1j\u00e9koztat\u00f3t is tartunk.<\/p>\n<p style=\"text-align: justify;\">\u00a0<\/p>\n<h4 class=\"heading heading-4\" style=\"text-align: justify;\">3 M-ET (MOS\u00c1SI M\u0170VELET MARADV\u00c1NY) TARTALMAZ\u00d3 POLIOLEFIN-HULLAD\u00c9K \u00daJRAHASZNOS\u00cdT\u00c1SI ELJ\u00c1R\u00c1S\u00c1NAK KIDOLGOZ\u00c1SA \u00c9S A FELDOLGOZ\u00d3 BERENDEZ\u00c9S MEG\u00c9P\u00cdT\u00c9SE<\/h4>\n<p style=\"text-align: justify;\"><strong>Projekt azonos\u00edt\u00f3 sz\u00e1ma: GOP-1.1.1-11-2012-0361<\/strong><\/p>\n<p style=\"text-align: justify;\"><img loading=\"lazy\" decoding=\"async\" class=\"size-full wp-image-112 alignnone\" src=\"https:\/\/www.holofon.hu\/wp-content\/uploads\/2019\/04\/uszt.png\" alt=\"\" width=\"313\" height=\"200\" srcset=\"https:\/\/www.holofon.hu\/wp-content\/uploads\/2019\/04\/uszt-20x13.png 20w, https:\/\/www.holofon.hu\/wp-content\/uploads\/2019\/04\/uszt-200x128.png 200w, https:\/\/www.holofon.hu\/wp-content\/uploads\/2019\/04\/uszt-300x192.png 300w, https:\/\/www.holofon.hu\/wp-content\/uploads\/2019\/04\/uszt.png 313w\" sizes=\"auto, (max-width: 313px) 100vw, 313px\" \/><\/p>\n<div style=\"text-align: justify;\">\n<p class=\"heading heading-6\"><strong>A 3M K+F PROJEKT C\u00c9LJA:<\/strong><\/p>\n<p class=\"description\">Magyarorsz\u00e1gon a szelekt\u00edv gy\u0171jt\u00e9s elterjed\u00e9s\u00e9vel \u00e9s a h\u00e1zhoz men\u0151 szelekt\u00edv gy\u0171jt\u00e9si rendszer ki\u00e9p\u00fcl\u00e9s\u00e9vel a k\u00f6zelj\u00f6v\u0151ben jelent\u0151sen megn\u00f6vekszik a mos\u00f3-, mosogat\u00f3szeres illetve \u00f6bl\u00edt\u0151s flakonhullad\u00e9kok mennyis\u00e9ge. Az ilyen t\u00edpus\u00fa hullad\u00e9kok eddig f\u0151k\u00e9nt hullad\u00e9klerak\u00f3ba ker\u00fcltek, ahol a hossz\u00fa leboml\u00e1si idej\u00fck miatt \u00e9vsz\u00e1zadokra szennyezt\u00e9k a k\u00f6rnyezetet. A visszagy\u0171jt\u00e9si rendszernek azonban csak akkor van \u00e9rtelme, ha a begy\u0171jt\u00f6tt hullad\u00e9kok hasznos\u00edthat\u00f3ak, ism\u00e9t term\u00e9k k\u00e9sz\u00edthet\u0151 bel\u0151l\u00fck. A h\u00e1ztart\u00e1sokb\u00f3l kiker\u00fcl\u0151 flakonok tisztas\u00e1ga nem megfelel\u0151, ez\u00e9rt sz\u00fcks\u00e9ges k\u00edv\u00fcl-bel\u00fcl megtiszt\u00edtani a fel\u00fclet\u00fcket. A flakonok \u0151rlem\u00e9nyk\u00e9nt val\u00f3 mos\u00e1sa a leghat\u00e9konyabb elj\u00e1r\u00e1s a szennyez\u0151d\u00e9sek elt\u00e1vol\u00edt\u00e1s\u00e1ra. Magyarorsz\u00e1gon ezt a hullad\u00e9kfrakci\u00f3t \u00e1ltal\u00e1ban hullad\u00e9klerak\u00f3kban helyezt\u00e9k el, vagy energetikai hasznos\u00edt\u00e1s c\u00e9lj\u00e1b\u00f3l hullad\u00e9k\u00e9get\u0151m\u0171be vitt\u00e9k, \u00edgy visszanyerve magas energiatartalm\u00e1nak egy r\u00e9sz\u00e9t.<\/p>\n<p class=\"description\">A Holofon Zrt. profilja a m\u0171anyag hullad\u00e9kok hasznos\u00edt\u00e1sa, m\u00e1sodnyersanyag el\u0151\u00e1ll\u00edt\u00e1sa. A v\u00e1llalatunk megalakul\u00e1sa \u00f3ta elk\u00f6telezett a k\u00f6rnyezetv\u00e9delem ir\u00e1nt, \u00edgy a folyamatos technol\u00f3giai fejleszt\u00e9seket is ennek szellem\u00e9ben val\u00f3s\u00edtjuk meg.<\/p>\n<p class=\"description\">A szelekt\u00edv rendszerbe beker\u00fcl\u0151 flakon hullad\u00e9kok jellemz\u0151je, hogy v\u00e1logat\u00e1s ut\u00e1n nagyr\u00e9szt polietil\u00e9n \u00e9s polipropil\u00e9n (poliolefin) tartalm\u00faak, amelyek \u0151rlem\u00e9nyk\u00e9nt egy\u00fcttesen is feldolgozhat\u00f3ak. A poliolefinek s\u0171r\u0171s\u00e9ge kisebb a v\u00edzn\u00e9l, ez\u00e9rt a v\u00edz felsz\u00edn\u00e9n lebegnek. A megfelel\u0151 mos\u00e1si technol\u00f3gi\u00e1val \u00edgy egyszerre k\u00e9t m\u0171velet is v\u00e9grehajthat\u00f3: a hullad\u00e9kok tiszt\u00edt\u00e1sa illetve a poliolefinek sz\u00e9tv\u00e1laszt\u00e1sa egy\u00e9b m\u00e1s polimerekt\u0151l.<\/p>\n<p class=\"description\">A 3M K+F projekt c\u00e9lja egyr\u00e9szt, hogy a szelekt\u00edv gy\u0171jt\u00e9sb\u0151l be\u00e9rkez\u0151 vegyes flakon hullad\u00e9kot dar\u00e1l\u00e1s ut\u00e1n egy l\u00e9p\u00e9sben mossuk, illetve sz\u00e9tv\u00e1lasszuk a sz\u00e1munkra hasznos poliolefineket az egy\u00e9b polimerekt\u0151l. A poliolefinekt\u0151l k\u00fcl\u00f6nb\u00f6z\u0151 frakci\u00f3k hullad\u00e9klerak\u00f3ba vagy \u00e9get\u0151be ker\u00fcln\u00e9nek, de a saj\u00e1t fejleszt\u00e9s\u0171 technol\u00f3gi\u00e1nkkal \u00faj, eddig a piacon ismeretlen term\u00e9kek el\u0151\u00e1ll\u00edt\u00e1s\u00e1ra haszn\u00e1lhat\u00f3k fel, ezzel minim\u00e1lisra cs\u00f6kkentve a technol\u00f3gi\u00e1b\u00f3l kiker\u00fcl\u0151 hullad\u00e9k mennyis\u00e9g\u00e9t.<\/p>\n<p class=\"description\">A 3M K+F projekt m\u00e1sik fontos c\u00e9lja, hogy a mos\u00e1si \u00e9s szepar\u00e1l\u00e1si technol\u00f3gi\u00e1ban felhaszn\u00e1lt v\u00edz mennyis\u00e9g\u00e9t minim\u00e1lisra cs\u00f6kkents\u00fck a felsz\u00edni \u00e9s felsz\u00edn alatti vizek v\u00e9delm\u00e9ben. A mos\u00e1si folyamat v\u00e9g\u00e9n olyan tiszt\u00edt\u00e1si m\u00f3dszert alkalmazunk, amely lehet\u0151v\u00e9 teszi a felhaszn\u00e1lt mos\u00f3v\u00edz min\u00e9l hosszabb idej\u0171 forgat\u00e1s\u00e1t a rendszerben, \u00edgy csak az elp\u00e1rolgott v\u00edz mennyis\u00e9g\u00e9t kell p\u00f3tolnunk. A tiszt\u00edt\u00e1si folyamatb\u00f3l kiker\u00fcl\u0151, d\u00f6nt\u0151en pap\u00edrtartalm\u00fa \u201elep\u00e9ny\u201d mell\u00e9kterm\u00e9kk\u00e9nt energetikai hasznos\u00edt\u00e1sra ker\u00fcl.<\/p>\n<p class=\"description\">A K+F feladat v\u00e9grehajt\u00e1s\u00e1val olyan technol\u00f3giai- \u00e9s term\u00e9kfejleszt\u00e9st val\u00f3s\u00edtunk meg, amelynek eredm\u00e9nyek\u00e9ppen a be\u00e9rkez\u0151 hullad\u00e9k szinte teljes mennyis\u00e9g\u00e9b\u0151l \u00faj piack\u00e9pes term\u00e9k gy\u00e1rt\u00e1sa val\u00f3sul meg, illetve a tiszt\u00edt\u00e1shoz felhaszn\u00e1lt mos\u00f3vizet megfelel\u0151 tiszt\u00edt\u00e1s ut\u00e1n visszaforgatjuk a rendszerbe. Az el\u0151\u00e1ll\u00edtott term\u00e9keket (HUBFORM term\u00e9kcsal\u00e1d) \u00e9s az alkalmazott technol\u00f3gia egy r\u00e9sz\u00e9t \u00fajdons\u00e1gtartalma miatt szabadalmaztatni k\u00edv\u00e1njuk.<\/p>\n<p class=\"description\"><strong>A teljes K+F eredm\u00e9ny\u00e9nek el\u00e9r\u00e9s\u00e9hez r\u00e9sz K+F tev\u00e9kenys\u00e9gek tartoznak.<\/strong><\/p>\n<p class=\"heading heading-6\"><strong>1. A MOS\u00d3V\u00cdZ KEZEL\u00c9SE \u00c9S \u00daJRA HASZN\u00c1LATA<\/strong><\/p>\n<ul class=\"description\">\n<li>a mos\u00f3v\u00edz \u00f6sszet\u00e9tel\u00e9nek meghat\u00e1roz\u00e1sa (saj\u00e1t munkav\u00e1llal\u00f3k, kutat\u00f3int\u00e9zet)\n<ul>\n<li>folyamatos figyelemmel k\u00eds\u00e9r\u00e9s \u00e9s m\u00e9r\u00e9s (saj\u00e1t munkav\u00e1llal\u00f3k, kutat\u00f3int\u00e9zet)<\/li>\n<\/ul>\n<\/li>\n<li>a mos\u00f3v\u00edz lebeg\u0151anyag tartalm\u00e1nak kinyer\u00e9se\n<ul>\n<li>flokkul\u00e1l\u00e1si m\u00f3dszer kidolgoz\u00e1sa (flokkul\u00e1l\u00f3 anyagok, hat\u00e1sfokuk vizsg\u00e1lata a rendszerben &#8211; kutat\u00f3int\u00e9zet)<\/li>\n<li>KSZP tervez\u00e9se, meg\u00e9p\u00edt\u00e9se (kutat\u00f3int\u00e9zet, saj\u00e1t munkav\u00e1llal\u00f3k)<\/li>\n<li>ASZM g\u00e9p tervez\u00e9se, meg\u00e9p\u00edt\u00e9se (saj\u00e1t munkav\u00e1llal\u00f3k)<\/li>\n<li>SZL vizsg\u00e1lata, mell\u00e9kterm\u00e9kk\u00e9 nyilv\u00e1n\u00edt\u00e1sa (kutat\u00f3int\u00e9zet)<\/li>\n<\/ul>\n<\/li>\n<li>a mos\u00f3v\u00edz egy\u00e9b \u00f6sszetev\u0151inek kinyer\u00e9se, semleges\u00edt\u00e9se\n<ul>\n<li>a mos\u00f3v\u00edz \u00f6sszet\u00e9tel\u00e9nek meghat\u00e1roz\u00e1s\u00e1b\u00f3l (kutat\u00f3int\u00e9zet)<\/li>\n<\/ul>\n<\/li>\n<li>a megfelel\u0151 min\u0151s\u00e9g\u0171 mos\u00f3v\u00edz visszavezet\u00e9se a technol\u00f3gi\u00e1ba (saj\u00e1t munkav\u00e1llal\u00f3k)<\/li>\n<\/ul>\n<p class=\"description\"><strong>A K+F tartalom megval\u00f3sul\u00e1skor: szabadalmi technol\u00f3gia<\/strong><\/p>\n<p class=\"heading heading-6\"><strong>2. A PO-N\u00c1L NAGYOBB S\u0170R\u0170S\u00c9G\u0170 ANYAGOK KEZEL\u00c9SE \/AK\/<\/strong><\/p>\n<ul class=\"description\">\n<li>Az \u00f6sszetev\u0151k meghat\u00e1roz\u00e1sa\n<ul>\n<li>\u00f6sszetev\u0151k, v\u00edztartalom (saj\u00e1t munkav\u00e1llal\u00f3k, kutat\u00f3int\u00e9zet)<\/li>\n<\/ul>\n<\/li>\n<li>Feldolgoz\u00e1si elj\u00e1r\u00e1s kidolgoz\u00e1sa \u00e9s a sz\u00fcks\u00e9ges g\u00e9pek meg\u00e9p\u00edt\u00e9se\n<ul>\n<li>Feldolgoz\u00e1si elj\u00e1r\u00e1s kidolgoz\u00e1sa (saj\u00e1t munkav\u00e1llal\u00f3)<\/li>\n<li>VTP g\u00e9p tervez\u00e9se, meg\u00e9p\u00edt\u00e9se (saj\u00e1t munkav\u00e1llal\u00f3k, alv\u00e1llalkoz\u00f3k)<\/li>\n<li>FKZ g\u00e9p tervez\u00e9se, meg\u00e9p\u00edt\u00e9se, szabadalmaztat\u00e1sa (saj\u00e1t munkav\u00e1llal\u00f3k, alv\u00e1llalkoz\u00f3k)<\/li>\n<li>TASZ g\u00e9p tervez\u00e9se, meg\u00e9p\u00edt\u00e9se (saj\u00e1t munkav\u00e1llal\u00f3k, alv\u00e1llalkoz\u00f3k)<\/li>\n<li>HUPRESS g\u00e9p tervez\u00e9se, meg\u00e9p\u00edt\u00e9se, szabadalmaztat\u00e1sa (saj\u00e1t munkav\u00e1llal\u00f3k, alv\u00e1llalkoz\u00f3k)<\/li>\n<li>HUBFORM term\u00e9kek tervez\u00e9se, szabadalmaztat\u00e1sa (saj\u00e1t munkav\u00e1llal\u00f3k, alv\u00e1llalkoz\u00f3k)<\/li>\n<\/ul>\n<\/li>\n<li>Hordoz\u00f3anyagok vizsg\u00e1lata (saj\u00e1t munkav\u00e1llal\u00f3k, kutat\u00f3int\u00e9zet)<\/li>\n<li>Adagolhat\u00f3 recept\u00fara kialak\u00edt\u00e1sa\n<ul>\n<li>ut\u00f3dar\u00e1l\u00e1s, esetleg sz\u00e9tv\u00e1laszt\u00e1s (saj\u00e1t munkav\u00e1llal\u00f3k)<\/li>\n<\/ul>\n<\/li>\n<\/ul>\n<p class=\"description\"><strong>A K+F tartalom megval\u00f3sul\u00e1skor: eddig hasznos\u00edt\u00e1sra alkalmatlan alapanyagb\u00f3l, t\u00f6lt\u0151anyaggal keverve term\u00e9k k\u00e9sz\u00fcl<\/strong><\/p>\n<p class=\"heading heading-6\"><strong>3. V\u00cdZEN LEBEG\u0150 POLIOLEFIN KEZEL\u00c9SE \/VLPO\/<\/strong><\/p>\n<ul class=\"description\">\n<li>Feldolgoz\u00e1si elj\u00e1r\u00e1s kidolgoz\u00e1sa \u00e9s a sz\u00fcks\u00e9ges berendez\u00e9sek meg\u00e9p\u00edt\u00e9se\n<ul>\n<li>Recept\u00fara kialak\u00edt\u00e1sa (saj\u00e1t munkav\u00e1llal\u00f3k, kutat\u00f3int\u00e9zet)<\/li>\n<li>KH9 g\u00e9p tervez\u00e9se, meg\u00e9p\u00edt\u00e9se (saj\u00e1t munkav\u00e1llal\u00f3k, alv\u00e1llalkoz\u00f3k)<\/li>\n<li>Granul\u00e1l\u00e1s<\/li>\n<\/ul>\n<\/li>\n<\/ul>\n<p class=\"description\"><strong>A K+F tartalom megval\u00f3sul\u00e1skor: az anyagb\u00f3l regranul\u00e1tum k\u00e9sz\u00fcl.<\/strong><\/p>\n<p class=\"heading heading-6\"><strong>KAPCSOL\u00d3D\u00d3 ANYAGOK:<\/strong><\/p>\n<ul>\n<li><a href=\"https:\/\/www.holofon.hu\/assets\/folyamat_vegleges.jpg\" target=\"blank\" rel=\"noopener noreferrer\">folyamat\u00e1bra let\u00f6lt\u00e9se<\/a><\/li>\n<li><a href=\"https:\/\/www.holofon.hu\/assets\/a_fejlesztendo_termekeink_jellemzoi.pdf\" target=\"blank\" rel=\"noopener noreferrer\">fejlesztend\u0151 term\u00e9kek jellemz\u0151inek le\u00edr\u00e1sa<\/a><\/li>\n<li>sajt\u00f3k\u00f6zlem\u00e9ny:\u00a0<a href=\"http:\/\/www.trendfm.hu\/cikk\/100959\/\" target=\"blank\" rel=\"noopener noreferrer\">gazdasagiradio.hu<\/a><\/li>\n<\/ul>\n<p>&nbsp;<\/p>\n<\/div>\n<div style=\"text-align: justify;\">\n<h4 class=\"heading heading-4\">PROJEKT A HOLOFON&#8217;95 ZRT. MUNKAT\u00c1RSAINAK K\u00c9PZ\u00c9S\u00c9RE<\/h4>\n<p class=\"tenders-side\"><strong>Projekt azonos\u00edt\u00f3 sz\u00e1ma: HEFOP-3.4.1\/05\/1.-2006-05-0029\/2.0<\/strong><br \/>\nAz Eur\u00f3pai Uni\u00f3 \u00e1ltal t\u00e1rsfinansz\u00edrozott projekt<\/p>\n<p><img loading=\"lazy\" decoding=\"async\" class=\"size-full wp-image-113 alignnone\" src=\"https:\/\/www.holofon.hu\/wp-content\/uploads\/2019\/04\/nft2.gif\" alt=\"\" width=\"400\" height=\"109\" \/><\/p>\n<div>\n<p class=\"description\">A projekt keret\u00e9n bel\u00fcl a Holofon Zrt. 9 alkalmazottja sz\u00e1m\u00e1r 6-f\u00e9le k\u00e9pz\u00e9st biztos\u00edt az ismereteik sz\u00e9lesk\u00f6r\u0171 b\u0151v\u00edt\u00e9se \u00e9s a naprak\u00e9sz munkav\u00e9gz\u00e9s \u00e9rdek\u00e9ben. A k\u00e9pz\u00e9sek k\u00f6z\u00f6tt tal\u00e1lhat\u00f3 a k\u00f6nny\u0171g\u00e9pkezel\u0151i, angol nyelvi illetve sz\u00e1m\u00edt\u00e1stechnikai oktat\u00e1s, amelyek keretein bel\u00fcl t\u00f6bb modul ismeretanyagai ker\u00fclnek \u00e1tad\u00e1sra, \u00fagy, mint \u00e1ruforgalmi, k\u00e9szleti, f\u0151k\u00f6nyvi \u00e9s p\u00e9nz\u00fcgyi. A k\u00e9t ut\u00f3bbi modul szerz\u0151d\u00e9sm\u00f3dos\u00edt\u00e1s keret\u00e9n bel\u00fcl fog beker\u00fclni a projektbe. A Holofon Zrt. munkat\u00e1rsai sz\u00e1m\u00e1ra az oktat\u00e1s \u00e9s szakk\u00e9pz\u00e9s elengedhetetlen fontoss\u00e1g\u00fa a c\u00e9g versenyk\u00e9pess\u00e9g\u00e9nek fenntart\u00e1s\u00e1ban. Munkav\u00e1llal\u00f3ink a k\u00e9pz\u00e9seknek k\u00f6sz\u00f6nhet\u0151en hat\u00e9konyabban \u00e9s szakszer\u0171bben l\u00e1thatj\u00e1k el feladataikat. A k\u00e9pz\u00e9seket k\u00f6vet\u0151en szaktud\u00e1suk biztosabb\u00e1 v\u00e1lik, a munkav\u00e9gz\u00e9shez val\u00f3 viszonyuk jelent\u0151sen javul. A v\u00e1llalat szempontj\u00e1b\u00f3l ugyanakkor a k\u00e9pzettebb dolgoz\u00f3 garanci\u00e1t jelent a szakszer\u0171bb munkav\u00e9gz\u00e9sre, a hibalehet\u0151s\u00e9gek \u00e9s az azokb\u00f3l fakad\u00f3 esetleges k\u00e1rok cs\u00f6kkent\u00e9s\u00e9re. A munkav\u00e1llal\u00f3k sz\u00e1m\u00e1ra a k\u00e9pz\u00e9sek biztos\u00edtj\u00e1k a versenyk\u00e9pes tud\u00e1s \u00e9s k\u00e9szs\u00e9gek megszerz\u00e9s\u00e9t, amely \u00e1ltal a c\u00e9gen bel\u00fcl, ill. a munkaer\u0151piacon is sikeresebb\u00e9 v\u00e1lnak.<\/p>\n<p class=\"heading heading-6\"><strong>KEDVEZM\u00c9NYEZETT NEVE \u00c9S EL\u00c9RHET\u0150S\u00c9GE:<\/strong><\/p>\n<ul class=\"participant-1\">\n<li><strong>Holofon Zrt.<\/strong><\/li>\n<li>2086 Tinnye, Perb\u00e1li \u00fat 2.<\/li>\n<li>Tel.: +3626\/335-555<\/li>\n<li>Fax: 06-26\/335-004<\/li>\n<li><a href=\"mailto:info@holofon.hu\">info@holofon.hu<\/a><\/li>\n<\/ul>\n<h6 class=\"heading heading-6\">K\u00d6ZREM\u0170K\u00d6D\u0150 SZERVEZET NEVE \u00c9S EL\u00c9RHET\u0150S\u00c9GE:<\/h6>\n<ul class=\"participant-2\">\n<li><strong>ESZA Kht.<\/strong><\/li>\n<li>1134 Budapest, V\u00e1ci \u00fat 45.<\/li>\n<li>Tel.: 06-1\/298-0500<\/li>\n<li>Fax.: 06-1\/273-2580<\/li>\n<\/ul>\n<\/div>\n<div>\n<h4>\u00a0<\/h4>\n<h4>\u00a0<\/h4>\n<h4 class=\"heading heading-4\">HULLAD\u00c9K = \u00c9RT\u00c9K!<\/h4>\n<p><strong>Projekt azonos\u00edt\u00f3 sz\u00e1ma: KMOP-1.2.1\/B-2007-0103<\/strong><br \/>\nA projekt az Eur\u00f3pai Uni\u00f3 t\u00e1mogat\u00e1s\u00e1val, az Eur\u00f3pai Region\u00e1lis Fejleszt\u00e9si Alap t\u00e1rsfinansz\u00edroz\u00e1s\u00e1val val\u00f3sult meg.<\/p>\n<\/div>\n<\/div>\n<p style=\"text-align: justify;\"><img loading=\"lazy\" decoding=\"async\" class=\"size-full wp-image-113 alignnone\" src=\"https:\/\/www.holofon.hu\/wp-content\/uploads\/2019\/04\/nft2.gif\" alt=\"\" width=\"400\" height=\"109\" \/><\/p>\n<p class=\"description\" style=\"text-align: justify;\">A projekt keret\u00e9ben 4 tev\u00e9kenys\u00e9get v\u00e9gz\u00fcnk: g\u00e9p \u00e9s informatikai eszk\u00f6z beszerz\u00e9s, k\u00e9pz\u00e9s \u00e9s piacra jut\u00e1s.<\/p>\n<p class=\"description\" style=\"text-align: justify;\"><strong>Eszk\u00f6zbeszerz\u00e9s:<\/strong>\u00a0univerz\u00e1lis el\u0151apr\u00edt\u00f3 g\u00e9pet v\u00e1s\u00e1roltunk a m\u0171anyag hullad\u00e9kok \u00fajrafeldolgoz\u00e1s\u00e1nak el\u0151seg\u00edt\u00e9s\u00e9re (a m\u0171anyag hullad\u00e9kokat apr\u00edtja, hogy tov\u00e1bb lehessen feldolgozni azokat). C\u00e9g\u00fcnkn\u00e9l az el\u0151apr\u00edt\u00f3 g\u00e9p n\u00e9lk\u00fcl a kibocs\u00e1t\u00e1st m\u00e1r nem tudjuk n\u00f6velni. A termel\u00e9s \u00e9s az \u00e1rbev\u00e9tel n\u00f6vekszik, hozz\u00e1j\u00e1rul a fenntarthat\u00f3s\u00e1g \u00e9s a projekt hossz\u00fa t\u00e1v\u00fa c\u00e9ljaihoz \u00edgy a v\u00e1llalkoz\u00e1s fejl\u0151d\u00e9s\u00e9t is el\u0151seg\u00edti.<\/p>\n<p class=\"description\" style=\"text-align: justify;\"><strong>Informatikai fejleszt\u00e9s:<\/strong>\u00a05 notebookot szoftverekkel egy\u00fctt szerezt\u00fcnk be az \u00e1rbev\u00e9tel n\u00f6vel\u00e9se \u00e9rdek\u00e9ben. Ezek sz\u00fcks\u00e9gesek a term\u00e9kek \u00e9rt\u00e9kes\u00edt\u00e9s\u00e9n\u00e9l \u00e9s a szeml\u00e9letesebb prezent\u00e1ci\u00f3k k\u00e9sz\u00edt\u00e9s\u00e9n\u00e9l, amiket a vev\u0151ink sz\u00e1m\u00e1ra is el\u00e9rhet\u0151v\u00e9 tesz\u00fcnk. Ennek k\u00f6sz\u00f6nhet\u0151en n\u00f6vekszik az \u00e1rbev\u00e9tel \u00e9s \u00faj vev\u0151kkel l\u00e9phet\u00fcnk kapcsolatba, ami a c\u00e9g hossz\u00fa t\u00e1v\u00fa fenn\u00e1ll\u00e1s\u00e1hoz elengedhetetlen fontoss\u00e1g\u00fa.<\/p>\n<p class=\"description\" style=\"text-align: justify;\"><strong>Piacra jut\u00e1s:<\/strong>\u00a02007. 11. 6-9. k\u00f6z\u00f6tt megrendez\u00e9sre ker\u00fclt az \u00d6KOTECH ki\u00e1ll\u00edt\u00e1s, amelyen megjelent\u00fcnk. A ki\u00e1ll\u00edt\u00e1son a r\u00e9szv\u00e9tellel \u00fajabb vev\u0151kh\u00f6z juttattuk el a term\u00e9keket; bev\u00e9tel n\u00f6vekszik, a fenntarthat\u00f3s\u00e1ghoz hozz\u00e1j\u00e1rul.<\/p>\n<p class=\"description\" style=\"text-align: justify;\"><strong>K\u00e9pz\u00e9s:<\/strong>\u00a02-2 f\u0151 r\u00e9sz\u00e9re hat\u00e9kony menedzsment gyakorlott vezet\u0151knek (5 napos), munkahelyi konfliktus \u00e9s stressz kezel\u00e9s (3 napos) \u00e9s t\u00e1rgyal\u00e1si technik\u00e1k alkalmaz\u00e1sa a vezet\u00e9sben (4 napos) tr\u00e9ninget tartottunk. Mindezek mellett folyamatos nyelvi k\u00e9pz\u00e9sben r\u00e9szes\u00edtj\u00fck munkat\u00e1rsainkat, \u00edgy a k\u00fclf\u00f6ldi partnerekkel val\u00f3 kapcsolatfelv\u00e9tel egyre ink\u00e1bb z\u00f6kken\u0151mentes.<\/p>\n<p class=\"description\" style=\"text-align: justify;\">Az eszk\u00f6z\u00f6k k\u00f6rnyezetk\u00edm\u00e9l\u0151 BAT technol\u00f3gi\u00e1j\u00faak. Az el\u0151apr\u00edt\u00f3g\u00e9p az MSZ \u00e9s a vele egyen\u00e9rt\u00e9k\u0171 szabv\u00e1nyoknak: k\u00f6rnyezet-, munka- \u00e9s balesetv\u00e9delmi el\u0151\u00edr\u00e1soknak megfelel. Az informatikai eszk\u00f6z\u00f6k rendelkeznek TCO&#8217;03 monitor \u00e9s APM cs\u00f6kkentett energiafelhaszn\u00e1l\u00e1si el\u0151\u00edr\u00e1sokkal. A ki\u00e1ll\u00edt\u00e1sokon val\u00f3 r\u00e9szv\u00e9teln\u00e9l \u00e9s a k\u00e9pz\u00e9sekn\u00e9l a p\u00e9nz\u00e9rt \u00e9rt\u00e9ket elvet tartjuk be. Minden fent eml\u00edtett el\u0151\u00edr\u00e1s \u00e9s szabv\u00e1ny eset\u00e9ben az eszk\u00f6z\u00f6k \u00e1tv\u00e9telekor igazol\u00e1st k\u00e9r\u00fcnk a sz\u00e1ll\u00edt\u00f3t\u00f3l.<\/p>\n<p class=\"description\" style=\"text-align: justify;\">Az UNI-CUT 105 univerz\u00e1lis el\u0151apr\u00edt\u00f3g\u00e9p rendszere automatikus zavar\u00f3anyag felismer\u00e9ssel rendelkezik, a f\u00e9mr\u00e9szekn\u00e9l automatikusan meg\u00e1ll. A polygonb\u00f3l kialak\u00edtott rotortengelyek \u00e9s speci\u00e1lis k\u00e9sform\u00e1k gondoskodnak az optim\u00e1lis er\u0151k\u00f6zvet\u00edt\u00e9sr\u0151l, ami magas metsz\u00e9si teljes\u00edt\u00e9st ad. A g\u00e9p rotorja er\u0151teljes, \u00e9s tart\u00f3s: 70 000 \u00fczemi \u00f3r\u00e1t b\u00edr. A robosztus, magas \u00e9lettartalm\u00fa \u00e9s zajszeg\u00e9ny v\u00e1g\u00f3k\u00e9sek egym\u00e1s fel\u00e9 fordul\u00f3 oll\u00f3tengelyekkel rendelkeznek. Az anyagokat automatikusan beszippantja. Gazdas\u00e1gos \u00e9s energiatakar\u00e9kos, elektromosan vez\u00e9relt visszasz\u00e1ll\u00e1s, automatikus visszaad\u00e1s a g\u00e9p t\u00falterhelts\u00e9ge eset\u00e9n. A g\u00e9p beszerz\u00e9se kett\u0151 \u00faj munkahelyet teremt \u00e9s 3 munkahely meg\u0151rz\u00e9s\u00e9hez hozz\u00e1j\u00e1rul.<\/p>\n<p class=\"heading heading-6\" style=\"text-align: justify;\"><strong>KEDVEZM\u00c9NYEZETT NEVE \u00c9S EL\u00c9RHET\u0150S\u00c9GE:<\/strong><\/p>\n<ul class=\"participant-1\" style=\"text-align: justify;\">\n<li><strong>Holofon Zrt.<\/strong><\/li>\n<li>2086 Tinnye, Perb\u00e1li \u00fat 2.<\/li>\n<li>Tel.: +3626\/335-555<\/li>\n<li>Fax: 06-26\/335-004<\/li>\n<li><a href=\"mailto:info@holofon.hu\">info@holofon.hu<\/a><\/li>\n<\/ul>\n<h6 class=\"heading heading-6\" style=\"text-align: justify;\">K\u00d6ZREM\u0170K\u00d6D\u0150 SZERVEZET NEVE \u00c9S EL\u00c9RHET\u0150S\u00c9GE:<\/h6>\n<ul class=\"participant-2\" style=\"text-align: justify;\">\n<li><strong>MAG &#8211; Magyar Gazdas\u00e1gfejleszt\u00e9si K\u00f6zpont Zrt.<\/strong><\/li>\n<li>Postac\u00edm: 1539 Budapest, Pf. 684.<\/li>\n<li>Sz\u00e9khely: 1139 Budapest, V\u00e1ci \u00fat 83.<\/li>\n<li>Tel.: 06-40-200-617<\/li>\n<li><a href=\"http:\/\/www.magzrt.hu\/\">www.magzrt.hu<\/a><\/li>\n<\/ul>\n<p style=\"text-align: justify;\">\u00a0<\/p>\n<p style=\"text-align: justify;\">\u00a0<\/p>\n<h4 class=\"heading heading-4\" style=\"text-align: justify;\">HOLOFON ZRT. M\u0170ANYAG HULLAD\u00c9K KEZEL\u0150 \u00c9S FELDOLGOZ\u00d3 TEV\u00c9KENYS\u00c9G\u00c9HEZ KAPCSOL\u00d3D\u00d3 V\u00cdZTISZT\u00cdT\u00d3 FEJLESZT\u00c9S<\/h4>\n<p class=\"tenders-side\" style=\"text-align: justify;\"><strong>Projekt azonos\u00edt\u00f3 sz\u00e1ma: HEKF\/908\/2018-ITM-SZERZ<\/strong><br \/>\nA projekt az Innov\u00e1ci\u00f3s \u00e9s Technol\u00f3giai Miniszt\u00e9rium t\u00e1mogat\u00e1s\u00e1val val\u00f3sult meg<\/p>\n<p style=\"text-align: justify;\"><img loading=\"lazy\" decoding=\"async\" class=\"wp-image-114 size-medium alignnone\" src=\"https:\/\/www.holofon.hu\/wp-content\/uploads\/2019\/04\/ITM_logo_magyar_sz\u00ednes-300x246.jpg\" alt=\"\" width=\"300\" height=\"246\" srcset=\"https:\/\/www.holofon.hu\/wp-content\/uploads\/2019\/04\/ITM_logo_magyar_sz\u00ednes-20x16.jpg 20w, https:\/\/www.holofon.hu\/wp-content\/uploads\/2019\/04\/ITM_logo_magyar_sz\u00ednes-200x164.jpg 200w, https:\/\/www.holofon.hu\/wp-content\/uploads\/2019\/04\/ITM_logo_magyar_sz\u00ednes-300x246.jpg 300w, https:\/\/www.holofon.hu\/wp-content\/uploads\/2019\/04\/ITM_logo_magyar_sz\u00ednes-400x328.jpg 400w, https:\/\/www.holofon.hu\/wp-content\/uploads\/2019\/04\/ITM_logo_magyar_sz\u00ednes-600x492.jpg 600w, https:\/\/www.holofon.hu\/wp-content\/uploads\/2019\/04\/ITM_logo_magyar_sz\u00ednes-768x630.jpg 768w, https:\/\/www.holofon.hu\/wp-content\/uploads\/2019\/04\/ITM_logo_magyar_sz\u00ednes-800x656.jpg 800w, https:\/\/www.holofon.hu\/wp-content\/uploads\/2019\/04\/ITM_logo_magyar_sz\u00ednes.jpg 847w\" sizes=\"auto, (max-width: 300px) 100vw, 300px\" \/><\/p>\n<section class=\"container tenders\">\n<div>\n<ul class=\"description\">\n<li>HOLOFON M\u0171anyag \u00dajrahasznos\u00edt\u00f3, Alapanyaggy\u00e1rt\u00f3 \u00e9s Forgalmaz\u00f3 Zrt.<\/li>\n<li>Szerz\u0151d\u00f6tt t\u00e1mogat\u00e1s \u00f6sszege: 37.656.360 Ft<\/li>\n<li>T\u00e1mogat\u00e1s m\u00e9rt\u00e9ke: 60%<\/li>\n<li>Projekt befejez\u00e9si d\u00e1tuma: 2019.03.31. A projekt keretein bel\u00fcl beszerzett eszk\u00f6z:<\/li>\n<\/ul>\n<p class=\"description\">A projekt keretein bel\u00fcl beszerzett eszk\u00f6z:<\/p>\n<ul class=\"description\">\n<li>AS-FLOT 10 ipari szennyv\u00edz el\u0151kezel\u0151 \u00e9s tiszt\u00edt\u00f3 berendez\u00e9s<\/li>\n<\/ul>\n<p class=\"heading heading-6\"><strong>PROJEKT TARTALM\u00c1NAK BEMUTAT\u00c1SA:<\/strong><\/p>\n<p class=\"description\">A projekt c\u00e9lja a v\u00edzforgat\u00f3 berendez\u00e9s hat\u00e9konys\u00e1g\u00e1nak n\u00f6vel\u00e9se, sz\u00e1razanyag tartalom n\u00f6vel\u00e9se a technol\u00f3gi\u00e1ba visszavezetett mos\u00f3v\u00edz lebeg\u0151anyag tartalm\u00e1nak cs\u00f6kkent\u00e9se.<\/p>\n<\/div>\n<\/section>\n<footer class=\"footer\">\n<div class=\"quality\">\u00a0<\/div>\n<\/footer>\n<p style=\"text-align: justify;\">\u00a0<\/p>\n<\/div><div class=\"fusion-clearfix\"><\/div>\n\n\t\t\t\t\t<\/div>\n\t\t\t\t<\/div><\/div><\/div><\/p>\n<p><\/p>","protected":false},"excerpt":{"rendered":"","protected":false},"author":2,"featured_media":0,"parent":0,"menu_order":0,"comment_status":"closed","ping_status":"closed","template":"100-width.php","meta":{"footnotes":""},"class_list":["post-13","page","type-page","status-publish","hentry"],"_links":{"self":[{"href":"https:\/\/www.holofon.hu\/en\/wp-json\/wp\/v2\/pages\/13","targetHints":{"allow":["GET"]}}],"collection":[{"href":"https:\/\/www.holofon.hu\/en\/wp-json\/wp\/v2\/pages"}],"about":[{"href":"https:\/\/www.holofon.hu\/en\/wp-json\/wp\/v2\/types\/page"}],"author":[{"embeddable":true,"href":"https:\/\/www.holofon.hu\/en\/wp-json\/wp\/v2\/users\/2"}],"replies":[{"embeddable":true,"href":"https:\/\/www.holofon.hu\/en\/wp-json\/wp\/v2\/comments?post=13"}],"version-history":[{"count":30,"href":"https:\/\/www.holofon.hu\/en\/wp-json\/wp\/v2\/pages\/13\/revisions"}],"predecessor-version":[{"id":457,"href":"https:\/\/www.holofon.hu\/en\/wp-json\/wp\/v2\/pages\/13\/revisions\/457"}],"wp:attachment":[{"href":"https:\/\/www.holofon.hu\/en\/wp-json\/wp\/v2\/media?parent=13"}],"curies":[{"name":"wp","href":"https:\/\/api.w.org\/{rel}","templated":true}]}}